{"id":115614,"date":"2020-05-15T17:56:43","date_gmt":"2020-05-15T15:56:43","guid":{"rendered":"https:\/\/inlinguaneuchatel.ch\/home-2\/"},"modified":"2021-09-01T10:46:44","modified_gmt":"2021-09-01T08:46:44","slug":"home","status":"publish","type":"page","link":"https:\/\/inlinguaneuchatel.ch\/de\/","title":{"rendered":"Home"},"content":{"rendered":"<section class=\"l-section wpb_row us_custom_33ed9571 height_auto width_full color_primary\"><div class=\"l-section-h i-cf\"><div class=\"g-cols vc_row type_default valign_top\"><div class=\"vc_col-sm-6 wpb_column vc_column_container\"><div class=\"vc_column-inner\"><div class=\"wpb_wrapper\"><div class=\"w-image align_center\"><div class=\"w-image-h\"><img loading=\"lazy\" decoding=\"async\" width=\"585\" height=\"585\" src=\"https:\/\/inlinguaneuchatel.ch\/wp-content\/uploads\/2020\/09\/header-bern-1.jpg\" class=\"attachment-full size-full\" alt=\"\" srcset=\"https:\/\/inlinguaneuchatel.ch\/wp-content\/uploads\/2020\/09\/header-bern-1.jpg 585w, https:\/\/inlinguaneuchatel.ch\/wp-content\/uploads\/2020\/09\/header-bern-1-300x300.jpg 300w, https:\/\/inlinguaneuchatel.ch\/wp-content\/uploads\/2020\/09\/header-bern-1-150x150.jpg 150w\" sizes=\"auto, (max-width: 585px) 100vw, 585px\" \/><\/div><\/div><\/div><\/div><\/div><div class=\"vc_col-sm-6 wpb_column vc_column_container vh100_col\"><div class=\"vc_column-inner\"><div class=\"wpb_wrapper\"><div class=\"wpb_text_column vh100_p\" ><div class=\"wpb_wrapper\"><h1 style=\"text-align: center;\">Sprachschule Neuch\u00e2tel<\/h1>\n<h4 style=\"text-align: center;\">inlingua Neuch\u00e2tel<\/h4>\n<p style=\"text-align: center;\">seit 1984<\/p>\n<h4 style=\"text-align: center;\">Sprachen ver\u00e4ndern das Leben<\/h4>\n<\/div><\/div><\/div><\/div><\/div><\/div><\/div><\/section><section class=\"l-section wpb_row us_custom_79a6436d height_medium ext-row\"><div class=\"l-section-h i-cf\"><div class=\"g-cols vc_row type_default valign_middle\"><div class=\"vc_col-sm-12 wpb_column vc_column_container\"><div class=\"vc_column-inner\"><div class=\"wpb_wrapper\"><div class=\"wpb_text_column\" ><div class=\"wpb_wrapper\"><h1 style=\"text-align: center;\"><span style=\"color: #ba0731;\">ONLINE-TEST<\/span><\/h1>\n<div class=\"wpb_text_column \">\n<div class=\"wpb_wrapper\">\n<h4 style=\"text-align: center;\">Testen Sie Ihr Sprachniveau jetzt online<br \/>\n\u2013 gratis und ohne jede Verpflichtung.<\/h4>\n<h4 style=\"text-align: center;\">Unsere Ausbildungsberater kontaktieren Sie gern<br \/>\nund besprechen Ihr Vorhaben mit Ihnen.<\/h4>\n<\/div>\n<\/div>\n<\/div><\/div><div class=\"w-btn-wrapper width_auto align_center\"><a class=\"w-btn us-btn-style_1 us_custom_deb12db8\" title=\"Test d\u2019\u00e9valuation\" href=\"https:\/\/inlinguaneuchatel.ch\/de\/sprachtest\/zum-test\/\"><span class=\"w-btn-label\">TEST STARTEN<\/span><\/a><\/div><\/div><\/div><\/div><\/div><\/div><\/section><section class=\"l-section wpb_row height_medium side-side-left\"><div class=\"l-section-h i-cf\"><div class=\"g-cols vc_row type_default valign_top\"><div class=\"vc_col-sm-6 wpb_column vc_column_container has-link\"><div class=\"vc_column-inner\"><div class=\"wpb_wrapper\"> <div class=\"vc_col-sm-6 wpb_column vc_column_container triangle-right left\" style=\"background-color:#d2002f;border-color:#d2002f\">\n<div class=\"vc_column-inner \">\n    <div class=\"wpb_wrapper squared\">\n        <div class=\"wpb_text_column \">\n            <div class=\"inl-bottom\">\n                <div class=\"text-wrap\"><a href=\"https:\/\/inlinguaneuchatel.ch\/de\/sprachkurse\/\" target=\"\"><h4 style=\"font-size:22px;color:#ffffff;\">Fran\u00e7ais, Deutsch, English, Italiano, Espa\u00f1ol, Portugu\u00eas...<\/h4><p style=\"font-size:16px;color:#ffffff;line-height:;\">and many more<\/p><\/a><\/div>\n         <\/div>\n     <\/div>\n <\/div>\n<\/div>\n<\/div>\n<div class=\"vc_col-sm-6 wpb_column vc_column_container\" style=\"background-color:;border-color:#d2002f\">\n    <div class=\"vc_column-inner\">\n      <div class=\"\">\n        <div class=\"wpb_wrapper \"><a href=\"https:\/\/inlinguaneuchatel.ch\/de\/sprachkurse\/\" target=\"\"><div class=\"w-image\" >\n    <div class=\"w-image-h\"><img decoding=\"async\" src=\"https:\/\/inlinguaneuchatel.ch\/wp-content\/uploads\/2020\/09\/csm_inlingua-sprachreisen-05_52c843c92c-600x600.jpg\" class=\"attachment-full size-full\" alt=\"\" >\n    <\/div>\n<\/div><\/a><\/div>\n    <\/div>  \n<\/div>\n<\/div><\/div><a href=\"https:\/\/inlinguaneuchatel.ch\/de\/sprachkurse\/\" class=\"vc_column-link smooth-scroll\" aria-label=\"Link\"><\/a><\/div><\/div><div class=\"vc_col-sm-6 wpb_column vc_column_container has-link\"><div class=\"vc_column-inner\"><div class=\"wpb_wrapper\"> <div class=\"vc_col-sm-6 wpb_column vc_column_container triangle-right left\" style=\"background-color:#d2002f;border-color:#d2002f\">\n<div class=\"vc_column-inner \">\n    <div class=\"wpb_wrapper squared\">\n        <div class=\"wpb_text_column \">\n            <div class=\"inl-bottom\">\n                <div class=\"text-wrap\"><a href=\"https:\/\/inlinguaneuchatel.ch\/de\/firmen\/personalentwicklung\/\" target=\"\"><h4 style=\"font-size:22px;color:#ffffff;\">Business Services<\/h4><p style=\"font-size:16px;color:#ffffff;line-height:;\">Why not break the language barrier? inlingua is there for you and your projects.<\/p><\/a><\/div>\n         <\/div>\n     <\/div>\n <\/div>\n<\/div>\n<\/div>\n<div class=\"vc_col-sm-6 wpb_column vc_column_container\" style=\"background-color:;border-color:#d2002f\">\n    <div class=\"vc_column-inner\">\n      <div class=\"\">\n        <div class=\"wpb_wrapper \"><a href=\"https:\/\/inlinguaneuchatel.ch\/de\/firmen\/personalentwicklung\/\" target=\"\"><div class=\"w-image\" >\n    <div class=\"w-image-h\"><img decoding=\"async\" src=\"https:\/\/inlinguaneuchatel.ch\/wp-content\/uploads\/2020\/09\/book-covers_3-scaled-e1599819475109-600x600.jpg\" class=\"attachment-full size-full\" alt=\"\" >\n    <\/div>\n<\/div><\/a><\/div>\n    <\/div>  \n<\/div>\n<\/div><\/div><a href=\"https:\/\/inlinguaneuchatel.ch\/de\/firmen\/personalentwicklung\/\" class=\"vc_column-link smooth-scroll\" aria-label=\"Link\"><\/a><\/div><\/div><\/div><\/div><\/section><section class=\"l-section wpb_row height_medium side-side-right\"><div class=\"l-section-h i-cf\"><div class=\"g-cols vc_row type_default valign_top\"><div class=\"vc_col-sm-6 wpb_column vc_column_container\"><div class=\"vc_column-inner\"><div class=\"wpb_wrapper\"> <div class=\"vc_col-sm-6 wpb_column vc_column_container triangle-right right\" style=\"background-color:#d2002f;border-color:#d2002f\">\n<div class=\"vc_column-inner \">\n    <div class=\"wpb_wrapper squared\">\n        <div class=\"wpb_text_column \">\n            <div class=\"inl-bottom\">\n                <div class=\"text-wrap\"><a href=\"https:\/\/inlinguaneuchatel.ch\/sprachtest\/zum-test\/\" target=\"\"><h4 style=\"font-size:22px;color:#ffffff;\">Testen Sie Ihr Sprachniveau<\/h4><p style=\"font-size:16px;color:#ffffff;line-height:;\">Sprachtest zur Einstufung nach den Europ\u00e4ischen Kompetenzniveaus<\/p><\/a><\/div>\n         <\/div>\n     <\/div>\n <\/div>\n<\/div>\n<\/div>\n<div class=\"vc_col-sm-6 wpb_column vc_column_container\" style=\"background-color:;border-color:#d2002f\">\n    <div class=\"vc_column-inner\">\n      <div class=\"\">\n        <div class=\"wpb_wrapper \"><a href=\"https:\/\/inlinguaneuchatel.ch\/sprachtest\/zum-test\/\" target=\"\"><div class=\"w-image\" >\n    <div class=\"w-image-h\"><img decoding=\"async\" src=\"https:\/\/inlinguaneuchatel.ch\/wp-content\/uploads\/2020\/09\/book-covers_2-1-e1599931767521-600x600.jpg\" class=\"attachment-full size-full\" alt=\"\" >\n    <\/div>\n<\/div><\/a><\/div>\n    <\/div>  \n<\/div>\n<\/div><\/div><\/div><\/div><div class=\"vc_col-sm-6 wpb_column vc_column_container\"><div class=\"vc_column-inner\"><div class=\"wpb_wrapper\"> <div class=\"vc_col-sm-6 wpb_column vc_column_container triangle-right right\" style=\"background-color:#d2002f;border-color:#d2002f\">\n<div class=\"vc_column-inner \">\n    <div class=\"wpb_wrapper squared\">\n        <div class=\"wpb_text_column \">\n            <div class=\"inl-bottom\">\n                <div class=\"text-wrap\"><a href=\"https:\/\/inlinguaneuchatel.ch\/de\/sprachkurse\/mobiles-lernen\/\" target=\"\"><h4 style=\"font-size:22px;color:#ffffff;\">Mobiles Lernen<\/h4><p style=\"font-size:16px;color:#ffffff;line-height:;\">inlingua Online Learning und virtuelles Klassenzimmer: jederzeit und \u00fcberall Sprachen lernen<\/p><\/a><\/div>\n         <\/div>\n     <\/div>\n <\/div>\n<\/div>\n<\/div>\n<div class=\"vc_col-sm-6 wpb_column vc_column_container\" style=\"background-color:;border-color:#d2002f\">\n    <div class=\"vc_column-inner\">\n      <div class=\"\">\n        <div class=\"wpb_wrapper \"><a href=\"https:\/\/inlinguaneuchatel.ch\/de\/sprachkurse\/mobiles-lernen\/\" target=\"\"><div class=\"w-image\" >\n    <div class=\"w-image-h\"><img decoding=\"async\" src=\"https:\/\/inlinguaneuchatel.ch\/wp-content\/uploads\/2020\/09\/Online_learning_5-e1599931982916-600x600.jpg\" class=\"attachment-full size-full\" alt=\"\" >\n    <\/div>\n<\/div><\/a><\/div>\n    <\/div>  \n<\/div>\n<\/div><\/div><\/div><\/div><\/div><\/div><\/section><section class=\"l-section wpb_row height_medium side-side-left\"><div class=\"l-section-h i-cf\"><div class=\"g-cols vc_row type_default valign_top\"><div class=\"vc_col-sm-6 wpb_column vc_column_container\"><div class=\"vc_column-inner\"><div class=\"wpb_wrapper\"> <div class=\"vc_col-sm-6 wpb_column vc_column_container triangle-right left\" style=\"background-color:#d2002f;border-color:#d2002f\">\n<div class=\"vc_column-inner \">\n    <div class=\"wpb_wrapper squared\">\n        <div class=\"wpb_text_column \">\n            <div class=\"inl-bottom\">\n                <div class=\"text-wrap\"><a href=\"https:\/\/inlinguaneuchatel.ch\/de\/sprachkurse\/diplomkurse\/\" target=\"\"><h4 style=\"font-size:22px;color:#ffffff;\">Anerkannte Sprachdiplome<\/h4><p style=\"font-size:16px;color:#ffffff;line-height:;\">Vorbereitungskurse f\u00fcr den n\u00e4chsten Karriereschritt oder die Aufenthaltsbewilligung<\/p><\/a><\/div>\n         <\/div>\n     <\/div>\n <\/div>\n<\/div>\n<\/div>\n<div class=\"vc_col-sm-6 wpb_column vc_column_container\" style=\"background-color:;border-color:#d2002f\">\n    <div class=\"vc_column-inner\">\n      <div class=\"\">\n        <div class=\"wpb_wrapper \"><a href=\"https:\/\/inlinguaneuchatel.ch\/de\/sprachkurse\/diplomkurse\/\" target=\"\"><div class=\"w-image\" >\n    <div class=\"w-image-h\"><img decoding=\"async\" src=\"https:\/\/inlinguaneuchatel.ch\/wp-content\/uploads\/2020\/09\/book-covers_1-e1599985900271-600x600.jpg\" class=\"attachment-full size-full\" alt=\"\" >\n    <\/div>\n<\/div><\/a><\/div>\n    <\/div>  \n<\/div>\n<\/div><\/div><\/div><\/div><div class=\"vc_col-sm-6 wpb_column vc_column_container\"><div class=\"vc_column-inner\"><div class=\"wpb_wrapper\"> <div class=\"vc_col-sm-6 wpb_column vc_column_container triangle-right left\" style=\"background-color:#d2002f;border-color:#d2002f\">\n<div class=\"vc_column-inner \">\n    <div class=\"wpb_wrapper squared\">\n        <div class=\"wpb_text_column \">\n            <div class=\"inl-bottom\">\n                <div class=\"text-wrap\"><a href=\"https:\/\/inlinguaneuchatel.ch\/ueber-uns\/warum\/\" target=\"\"><h4 style=\"font-size:22px;color:#ffffff;\">Sprachen lernt man durch Sprechen<\/h4><p style=\"font-size:16px;color:#ffffff;line-height:;\">Die bew\u00e4hrte inlingua Methode kurz erkl\u00e4rt<\/p><\/a><\/div>\n         <\/div>\n     <\/div>\n <\/div>\n<\/div>\n<\/div>\n<div class=\"vc_col-sm-6 wpb_column vc_column_container\" style=\"background-color:;border-color:#d2002f\">\n    <div class=\"vc_column-inner\">\n      <div class=\"\">\n        <div class=\"wpb_wrapper \"><a href=\"https:\/\/inlinguaneuchatel.ch\/ueber-uns\/warum\/\" target=\"\"><div class=\"w-image\" >\n    <div class=\"w-image-h\"><img decoding=\"async\" src=\"https:\/\/inlinguaneuchatel.ch\/wp-content\/uploads\/2019\/04\/inlingua_stockpicture_11_square-Methode-600x600.jpg\" class=\"attachment-full size-full\" alt=\"\" >\n    <\/div>\n<\/div><\/a><\/div>\n    <\/div>  \n<\/div>\n<\/div><\/div><\/div><\/div><\/div><\/div><\/section><section class=\"l-section wpb_row us_custom_95ebd667 height_small form-search-area has_text_color with_overlay\"><div class=\"l-section-overlay\" style=\"background: #ededed\"><\/div><div class=\"l-section-h i-cf\"><div class=\"g-cols vc_row type_default valign_bottom gap-2-5px\"><style>.g-cols.gap-2-5px{margin:0 calc(-1.5rem - 2.5px)}.gap-2-5px > .vc_column_container {padding:2.5px}<\/style><div class=\"vc_col-sm-12 wpb_column vc_column_container\"><div class=\"vc_column-inner\"><div class=\"wpb_wrapper\"><form id=\"kurssuche\" action=\"\/de\/sprachkurse\/aktuelle-kurse\/\" target=\"\"><div><label for=\"sellan\">Kurssprache<\/label>\r\n\t\t\t\t\t\t<select name=\"language\" id=\"course-language\">\r\n\t\t\t\t\t\t\t<option value=\"\">Kurssprache<\/option><option value=\"de\">Deutsch<\/option><option value=\"en\">Englisch<\/option><option value=\"fr\">Franz\u00f6sisch<\/option><option value=\"it\">Italienisch<\/option><option value=\"ja\">Japanisch<\/option><option value=\"ko\">Koreanisch<\/option><option value=\"pt-pt\">Portugiesisch, Portugal<\/option><option value=\"ru\">Russisch<\/option><option value=\"ch-de\">Schweizerdeutsch<\/option><option value=\"es\">Spanisch<\/option><\/select><\/div>\r\n\t\t<div>\r\n\t\t\t<label for=\"sellan\">Kursniveau<\/label>\r\n\t\t\t\t<select name=\"level\" id=\"course-level\">\r\n\t\t\t\t\t\t\t<option value=\"\">Kursniveau<\/option><option value=\"a0\" >A0<\/option><option value=\"a1\" >A1<\/option><option value=\"a2\" >A2<\/option><option value=\"b1\" >B1<\/option><option value=\"b2\" >B2<\/option><option value=\"c1\" >C1<\/option><option value=\"c2\" >C2<\/option><\/select><!-- course-level --><\/div>\r\n\t\t<div>\r\n\t\t\t<label for=\"sellan\">Kursform<\/label>\r\n\t\t\t\t<select name=\"type\" id=\"course-type\">\r\n\t\t\t\t\t\t\t<option value=\"\">Kursform<\/option><option value=\"abendkurs\" >Abendkurs<\/option><option value=\"au-pair-de\" >Au-Pair-Kurs<\/option><option value=\"cours-de-groupe\" >Cours de groupe<\/option><option value=\"cours-intensifintensivkurs-2\" >Cours intensif<\/option><option value=\"einzelunterricht\" >Einzelunterricht<\/option><option value=\"gruppenkurs\" >Gruppenkurs<\/option><option value=\"halbprivaten\" >Halbprivaten<\/option><option value=\"intensivkurs\" >Intensivkurs<\/option><option value=\"kleine-gruppe\" >kleine Gruppe<\/option><option value=\"konversation\" >Konversation<\/option><\/select><!-- course-type --><\/div>\r\n\t\t<div><input id=\"send\" type=\"submit\" value=\"Suchen\"><\/td><\/div>\r\n\t\t<\/form>\r\n\t\t<\/div><\/div><\/div><\/div><\/div><\/section><section class=\"l-section wpb_row us_custom_539f15ee height_medium search-toggle\"><div class=\"l-section-h i-cf\"><div class=\"g-cols vc_row type_default valign_top gap-2-5px\"><style>.g-cols.gap-2-5px{margin:0 calc(-1.5rem - 2.5px)}.gap-2-5px > .vc_column_container {padding:2.5px}<\/style><div class=\"vc_col-sm-12 wpb_column vc_column_container\"><div class=\"vc_column-inner\"><div class=\"wpb_wrapper\"><div class=\"g-cols wpb_row  type_default valign_top vc_inner\"><div class=\"vc_col-sm-12 wpb_column vc_column_container\"><div class=\"vc_column-inner\"><div class=\"wpb_wrapper\">[vc_raw_html]JTNDZGl2JTIwY2xhc3MlM0QlMjJzZWFyY2gtdG9nZ2xlLWlubmVyJTIyJTNFJTBBJTA5JTA5JTA5JTNDYSUyMGNsYXNzJTNEJTIydy1zZWFyY2gtb3BlbiUyMiUyMGhyZWYlM0QlMjJqYXZhc2NyaXB0JTNBdm9pZCUyODAlMjklM0IlMjIlM0UlM0MlMkZhJTNFJTBBJTA5JTA5JTA5JTNDc3BhbiUzRUtVUlMlMjBGSU5ERU4lM0MlMkZzcGFuJTNFJTBBJTA5JTA5JTA5JTNDc3BhbiUyMGNsYXNzJTNEJTIydG9nZ2xlLWljb24lMjIlM0UlM0MlMkZzcGFuJTNFJTBBJTA5JTA5JTNDJTJGZGl2JTNF[\/vc_raw_html]<\/div><\/div><\/div><\/div><\/div><\/div><\/div><\/div><\/div><\/section><section class=\"l-section wpb_row us_custom_4d54cabe height_auto width_full has_text_color\"><div class=\"l-section-h i-cf\"><div class=\"g-cols vc_row type_default valign_top\"><div class=\"vc_col-sm-12 wpb_column vc_column_container has-link\"><div class=\"vc_column-inner us_custom_edc343d5\"><div class=\"wpb_wrapper\"><div class=\"w-image us_custom_84af7e24 align_none\"><div class=\"w-image-h\"><img loading=\"lazy\" decoding=\"async\" width=\"1024\" height=\"155\" src=\"https:\/\/inlinguaneuchatel.ch\/wp-content\/uploads\/2020\/09\/logo-exa-1024x155.png\" class=\"attachment-large size-large\" alt=\"\" srcset=\"https:\/\/inlinguaneuchatel.ch\/wp-content\/uploads\/2020\/09\/logo-exa-1024x155.png 1024w, https:\/\/inlinguaneuchatel.ch\/wp-content\/uploads\/2020\/09\/logo-exa-300x46.png 300w, https:\/\/inlinguaneuchatel.ch\/wp-content\/uploads\/2020\/09\/logo-exa-600x91.png 600w, https:\/\/inlinguaneuchatel.ch\/wp-content\/uploads\/2020\/09\/logo-exa-768x117.png 768w, https:\/\/inlinguaneuchatel.ch\/wp-content\/uploads\/2020\/09\/logo-exa.png 1891w\" sizes=\"auto, (max-width: 1024px) 100vw, 1024px\" \/><\/div><\/div><\/div><a href=\"https:\/\/inlinguaneuchatel.ch\/de\/sprachkurse\/diplomkurse\/\" class=\"vc_column-link smooth-scroll\" aria-label=\"Link\"><\/a><\/div><\/div><\/div><\/div><\/section><section class=\"l-section wpb_row us_custom_f606bf9f height_auto width_full local has_text_color with_overlay\" id=\"info\"><div class=\"l-section-overlay\" style=\"background: #ededed\"><\/div><div class=\"l-section-h i-cf\"><div class=\"g-cols vc_row type_default valign_middle\"><div class=\"vc_col-sm-6 vc_col-lg-offset-1 vc_col-lg-5 vc_col-md-offset-1 vc_col-md-5 vc_col-sm-offset-1 vc_col-xs-offset-1 vc_col-xs-11 wpb_column vc_column_container\"><div class=\"vc_column-inner\"><div class=\"wpb_wrapper\"><div class=\"wpb_text_column\" ><div class=\"wpb_wrapper\"><h1>inlingua Sprachschule Neuch\u00e2tel<\/h1>\n<\/div><\/div><div class=\"g-cols wpb_row  type_default valign_top vc_inner\"><div class=\"vc_col-sm-8 wpb_column vc_column_container\"><div class=\"vc_column-inner\"><div class=\"wpb_wrapper\"><div class=\"aio-icon-component  vc_custom_1594382128155   style_1\"><a class=\"aio-icon-box-link\" href=\"https:\/\/goo.gl\/maps\/1d7JFWui8hst68438\" target=\"_blank\" rel=\"noopener\" ><div id=\"Info-box-wrap-2386\" class=\"aio-icon-box left-icon\" style=\"\"  ><div class=\"aio-icon-left\"><div class=\"ult-just-icon-wrapper  \"><div class=\"align-icon\" style=\"text-align:center;\">\n<div class=\"aio-icon none \"  style=\"color:#333;font-size:18px;display:inline-block;\">\n\t<i class=\"Defaults-map-marker\"><\/i>\n<\/div><\/div><\/div><\/div><div class=\"aio-ibd-block\"><div class=\"aio-icon-description ult-responsive\"  data-ultimate-target='#Info-box-wrap-2386 .aio-icon-description'  data-responsive-json-new='{\"font-size\":\"\",\"line-height\":\"\"}'  style=\"\">Avenue de la Gare 16<br \/>\n2000 Neuch\u00e2tel<\/div> <!-- description --><\/div> <!-- aio-ibd-block --><\/div> <!-- aio-icon-box --><\/a><\/div> <!-- aio-icon-component --><\/div><\/div><\/div><\/div><div class=\"aio-icon-component  vc_custom_1594382175278   style_1\"><a class=\"aio-icon-box-link\" href=\"tel:+41327243131\" ><div id=\"Info-box-wrap-8384\" class=\"aio-icon-box left-icon\" style=\"\"  ><div class=\"aio-icon-left\"><div class=\"ult-just-icon-wrapper  \"><div class=\"align-icon\" style=\"text-align:center;\">\n<div class=\"aio-icon none \"  style=\"color:#333;font-size:18px;display:inline-block;\">\n\t<i class=\"Defaults-phone\"><\/i>\n<\/div><\/div><\/div><\/div><div class=\"aio-ibd-block\"><div class=\"aio-icon-description ult-responsive\"  data-ultimate-target='#Info-box-wrap-8384 .aio-icon-description'  data-responsive-json-new='{\"font-size\":\"\",\"line-height\":\"\"}'  style=\"\">+41 (0) 32 724 31 31<\/div> <!-- description --><\/div> <!-- aio-ibd-block --><\/div> <!-- aio-icon-box --><\/a><\/div> <!-- aio-icon-component --><div class=\"aio-icon-component  vc_custom_1594382234647   style_1\"><a class=\"aio-icon-box-link\" href=\"mailto:info@inlinguaneuchatel.ch\" target=\"_blank\" rel=\"noopener\" ><div id=\"Info-box-wrap-3722\" class=\"aio-icon-box left-icon\" style=\"\"  ><div class=\"aio-icon-left\"><div class=\"ult-just-icon-wrapper  \"><div class=\"align-icon\" style=\"text-align:center;\">\n<div class=\"aio-icon none \"  style=\"color:#333;font-size:18px;display:inline-block;\">\n\t<i class=\"Defaults-envelope\"><\/i>\n<\/div><\/div><\/div><\/div><div class=\"aio-ibd-block\"><div class=\"aio-icon-description ult-responsive\"  data-ultimate-target='#Info-box-wrap-3722 .aio-icon-description'  data-responsive-json-new='{\"font-size\":\"\",\"line-height\":\"\"}'  style=\"\">INFO@INLINGUANEUCHATEL.CH<\/div> <!-- description --><\/div> <!-- aio-ibd-block --><\/div> <!-- aio-icon-box --><\/a><\/div> <!-- aio-icon-component --><div class=\"ult-spacer spacer-69f462d467169\" data-id=\"69f462d467169\" data-height=\"40\" data-height-mobile=\"40\" data-height-tab=\"40\" data-height-tab-portrait=\"\" data-height-mobile-landscape=\"\" style=\"clear:both;display:block;\"><\/div><div class=\"wpb_text_column\" ><div class=\"wpb_wrapper\"><h4>\u00d6ffnungszeiten Sekretariat:<\/h4>\n<\/div><\/div><div class=\"wpb_text_column\" ><div class=\"wpb_wrapper\"><table>\n<tbody>\n<tr>\n<td width=\"100\">Mo &#8211; Do<\/td>\n<td>08:00 &#8211; 12:30 Uhr<\/td>\n<td>13:30 &#8211; 18:00 Uhr<\/td>\n<\/tr>\n<tr>\n<td width=\"100\">Fr<\/td>\n<td>08:00 &#8211; 12:30 Uhr<\/td>\n<td>13:30 &#8211; 17:00 Uhr<\/td>\n<\/tr>\n<tr>\n<td width=\"100\">Sa \/ So<\/td>\n<td>geschlossen<\/td>\n<td><\/td>\n<\/tr>\n<\/tbody>\n<\/table>\n<\/div><\/div><\/div><\/div><\/div><div class=\"vc_col-sm-6 vc_col-lg-6 vc_col-md-6 vc_col-xs-12 wpb_column vc_column_container\"><div class=\"vc_column-inner\"><div class=\"wpb_wrapper\">[vc_raw_js]JTNDc2NyaXB0JTIwdHlwZSUzRCUyMnRleHQlMkZqYXZhc2NyaXB0JTIyJTNFJTIwJTBBJTJGJTJGJTIwUHJldmVudGluZyUyMHRoZSUyMEdvb2dsZSUyME1hcHMlMjBsaWJhcnklMjBmcm9tJTIwZG93bmxvYWRpbmclMjBhbiUyMGV4dHJhJTIwZm9udCUwQSUyOGZ1bmN0aW9uJTI4JTI5JTIwJTdCJTBBJTIwJTIwJTIwJTIwdmFyJTIwaXNSb2JvdG9TdHlsZSUyMCUzRCUyMGZ1bmN0aW9uJTIwJTI4ZWxlbWVudCUyOSUyMCU3QiUwQSUwQSUyMCUyMCUyMCUyMCUyMCUyMCUyMCUyMCUyRiUyRiUyMHJvYm90byUyMGZvbnQlMjBkb3dubG9hZCUwQSUyMCUyMCUyMCUyMCUyMCUyMCUyMCUyMGlmJTIwJTI4ZWxlbWVudC5ocmVmJTBBJTIwJTIwJTIwJTIwJTIwJTIwJTIwJTIwJTIwJTIwJTIwJTIwJTI2JTI2JTIwZWxlbWVudC5ocmVmLmluZGV4T2YlMjglMjdodHRwcyUzQSUyRiUyRmZvbnRzLmdvb2dsZWFwaXMuY29tJTJGY3NzJTNGZmFtaWx5JTNEUm9ib3RvJTI3JTI5JTIwJTNEJTNEJTNEJTIwMCUyOSUyMCU3QiUwQSUyMCUyMCUyMCUyMCUyMCUyMCUyMCUyMCUyMCUyMCUyMCUyMHJldHVybiUyMHRydWUlM0IlMEElMjAlMjAlMjAlMjAlMjAlMjAlMjAlMjAlN0QlMEElMjAlMjAlMjAlMjAlMjAlMjAlMjAlMjAlMkYlMkYlMjByb2JvdG8lMjBzdHlsZSUyMGVsZW1lbnRzJTBBJTIwJTIwJTIwJTIwJTIwJTIwJTIwJTIwaWYlMjAlMjhlbGVtZW50LnRhZ05hbWUudG9Mb3dlckNhc2UlMjglMjklMjAlM0QlM0QlM0QlMjAlMjdzdHlsZSUyNyUwQSUyMCUyMCUyMCUyMCUyMCUyMCUyMCUyMCUyMCUyMCUyMCUyMCUyNiUyNiUyMGVsZW1lbnQuc3R5bGVTaGVldCUwQSUyMCUyMCUyMCUyMCUyMCUyMCUyMCUyMCUyMCUyMCUyMCUyMCUyNiUyNiUyMGVsZW1lbnQuc3R5bGVTaGVldC5jc3NUZXh0JTBBJTIwJTIwJTIwJTIwJTIwJTIwJTIwJTIwJTIwJTIwJTIwJTIwJTI2JTI2JTIwZWxlbWVudC5zdHlsZVNoZWV0LmNzc1RleHQucmVwbGFjZSUyOCUyNyU1Q3IlNUNuJTI3JTJDJTIwJTI3JTI3JTI5LmluZGV4T2YlMjglMjcuZ20tc3R5bGUlMjclMjklMjAlM0QlM0QlM0QlMjAwJTI5JTIwJTdCJTBBJTIwJTIwJTIwJTIwJTIwJTIwJTIwJTIwJTIwJTIwJTIwJTIwZWxlbWVudC5zdHlsZVNoZWV0LmNzc1RleHQlMjAlM0QlMjAlMjclMjclM0IlMEElMjAlMjAlMjAlMjAlMjAlMjAlMjAlMjAlMjAlMjAlMjAlMjByZXR1cm4lMjB0cnVlJTNCJTBBJTIwJTIwJTIwJTIwJTIwJTIwJTIwJTIwJTdEJTBBJTIwJTIwJTIwJTIwJTIwJTIwJTIwJTIwJTJGJTJGJTIwcm9ib3RvJTIwc3R5bGUlMjBlbGVtZW50cyUyMGZvciUyMG90aGVyJTIwYnJvd3NlcnMlMEElMjAlMjAlMjAlMjAlMjAlMjAlMjAlMjBpZiUyMCUyOGVsZW1lbnQudGFnTmFtZS50b0xvd2VyQ2FzZSUyOCUyOSUyMCUzRCUzRCUzRCUyMCUyN3N0eWxlJTI3JTBBJTIwJTIwJTIwJTIwJTIwJTIwJTIwJTIwJTIwJTIwJTIwJTIwJTI2JTI2JTIwZWxlbWVudC5pbm5lckhUTUwlMEElMjAlMjAlMjAlMjAlMjAlMjAlMjAlMjAlMjAlMjAlMjAlMjAlMjYlMjYlMjBlbGVtZW50LmlubmVySFRNTC5yZXBsYWNlJTI4JTI3JTVDciU1Q24lMjclMkMlMjAlMjclMjclMjkuaW5kZXhPZiUyOCUyNy5nbS1zdHlsZSUyNyUyOSUyMCUzRCUzRCUzRCUyMDAlMjklMjAlN0IlMEElMjAlMjAlMjAlMjAlMjAlMjAlMjAlMjAlMjAlMjAlMjAlMjBlbGVtZW50LmlubmVySFRNTCUyMCUzRCUyMCUyNyUyNyUzQiUwQSUyMCUyMCUyMCUyMCUyMCUyMCUyMCUyMCUyMCUyMCUyMCUyMHJldHVybiUyMHRydWUlM0IlMEElMjAlMjAlMjAlMjAlMjAlMjAlMjAlMjAlN0QlMEElMjAlMjAlMjAlMjAlMjAlMjAlMjAlMjAlMkYlMkYlMjB3aGVuJTIwZ29vZ2xlJTIwdHJpZXMlMjB0byUyMGFkZCUyMGVtcHR5JTIwc3R5bGUlMEElMjAlMjAlMjAlMjAlMjAlMjAlMjAlMjBpZiUyMCUyOGVsZW1lbnQudGFnTmFtZS50b0xvd2VyQ2FzZSUyOCUyOSUyMCUzRCUzRCUzRCUyMCUyN3N0eWxlJTI3JTBBJTIwJTIwJTIwJTIwJTIwJTIwJTIwJTIwJTIwJTIwJTIwJTIwJTI2JTI2JTIwJTIxZWxlbWVudC5zdHlsZVNoZWV0JTIwJTI2JTI2JTIwJTIxZWxlbWVudC5pbm5lckhUTUwlMjklMjAlN0IlMEElMjAlMjAlMjAlMjAlMjAlMjAlMjAlMjAlMjAlMjAlMjAlMjByZXR1cm4lMjB0cnVlJTNCJTBBJTIwJTIwJTIwJTIwJTIwJTIwJTIwJTIwJTdEJTBBJTBBJTIwJTIwJTIwJTIwJTIwJTIwJTIwJTIwcmV0dXJuJTIwZmFsc2UlM0IlMEElMjAlMjAlMjAlMjAlN0QlMEElMEElMjAlMjAlMjAlMjAlMkYlMkYlMjB3ZSUyMG92ZXJyaWRlJTIwdGhlc2UlMjBtZXRob2RzJTIwb25seSUyMGZvciUyMG9uZSUyMHBhcnRpY3VsYXIlMjBoZWFkJTIwZWxlbWVudCUwQSUyMCUyMCUyMCUyMCUyRiUyRiUyMGRlZmF1bHQlMjBtZXRob2RzJTIwZm9yJTIwb3RoZXIlMjBlbGVtZW50cyUyMGFyZSUyMG5vdCUyMGFmZmVjdGVkJTBBJTIwJTIwJTIwJTIwdmFyJTIwaGVhZCUyMCUzRCUyMGpRdWVyeSUyOCUyN2hlYWQlMjclMjklNUIwJTVEJTNCJTBBJTBBJTIwJTIwJTIwJTIwdmFyJTIwaW5zZXJ0QmVmb3JlJTIwJTNEJTIwaGVhZC5pbnNlcnRCZWZvcmUlM0IlMEElMjAlMjAlMjAlMjBoZWFkLmluc2VydEJlZm9yZSUyMCUzRCUyMGZ1bmN0aW9uJTIwJTI4bmV3RWxlbWVudCUyQyUyMHJlZmVyZW5jZUVsZW1lbnQlMjklMjAlN0IlMEElMjAlMjAlMjAlMjAlMjAlMjAlMjAlMjBpZiUyMCUyOCUyMWlzUm9ib3RvU3R5bGUlMjhuZXdFbGVtZW50JTI5JTI5JTIwJTdCJTBBJTIwJTIwJTIwJTIwJTIwJTIwJTIwJTIwJTIwJTIwJTIwJTIwaW5zZXJ0QmVmb3JlLmNhbGwlMjhoZWFkJTJDJTIwbmV3RWxlbWVudCUyQyUyMHJlZmVyZW5jZUVsZW1lbnQlMjklM0IlMEElMjAlMjAlMjAlMjAlMjAlMjAlMjAlMjAlN0QlMEElMjAlMjAlMjAlMjAlN0QlM0IlMEElMEElMjAlMjAlMjAlMjB2YXIlMjBhcHBlbmRDaGlsZCUyMCUzRCUyMGhlYWQuYXBwZW5kQ2hpbGQlM0IlMEElMjAlMjAlMjAlMjBoZWFkLmFwcGVuZENoaWxkJTIwJTNEJTIwZnVuY3Rpb24lMjAlMjh0ZXh0Tm9kZSUyOSUyMCU3QiUwQSUyMCUyMCUyMCUyMCUyMCUyMCUyMCUyMGlmJTIwJTI4JTIxaXNSb2JvdG9TdHlsZSUyOGpRdWVyeSUyOHRleHROb2RlJTI5JTVCMCU1RCUyOSUyOSUyMCU3QiUwQSUyMCUyMCUyMCUyMCUyMCUyMCUyMCUyMCUyMCUyMCUyMCUyMGFwcGVuZENoaWxkLmNhbGwlMjhoZWFkJTJDJTIwdGV4dE5vZGUlMjklM0IlMEElMjAlMjAlMjAlMjAlMjAlMjAlMjAlMjAlN0QlMEElMjAlMjAlMjAlMjAlN0QlM0IlMEElN0QlMjklMjglMjklM0IlMjAlMEElM0MlMkZzY3JpcHQlM0U=[\/vc_raw_js]<div class=\"w-map provider_google us_custom_a7dfccd3 us_map_1\" id=\"us_map_1\"><div class=\"w-map-json\" onclick='return {&quot;address&quot;:&quot;46.995095 6.933220&quot;,&quot;markers&quot;:[{&quot;address&quot;:&quot;46.995095 6.933220&quot;,&quot;html&quot;:&quot;&lt;h6&gt;inlingua Sprachschule Neuch\\u00e2tel&lt;\\\/h6&gt;\\n&lt;p&gt;Avenue de la Gare 16&lt;br\\\/&gt;\\nCH-2000 Neuch\\u00e2tel&lt;br\\\/&gt;\\nTel: 032 724 31 31&lt;br\\\/&gt;\\nE-Mail: info@inlinguaneuchatel.ch&quot;,&quot;infowindow&quot;:false}],&quot;zoom&quot;:16,&quot;maptype&quot;:&quot;ROADMAP&quot;,&quot;height&quot;:400,&quot;disableZoom&quot;:true}'><\/div><div class=\"w-map-style-json\" onclick='return [\n    {\n        \"featureType\": \"administrative\",\n        \"elementType\": \"labels.text.fill\",\n        \"stylers\": [\n            {\n                \"color\": \"#444444\"\n            }\n        ]\n    },\n    {\n        \"featureType\": \"landscape\",\n        \"elementType\": \"all\",\n        \"stylers\": [\n            {\n                \"color\": \"#f2f2f2\"\n            }\n        ]\n    },\n    {\n        \"featureType\": \"poi\",\n        \"elementType\": \"all\",\n        \"stylers\": [\n            {\n                \"visibility\": \"off\"\n            }\n        ]\n    },\n    {\n        \"featureType\": \"road\",\n        \"elementType\": \"all\",\n        \"stylers\": [\n            {\n                \"saturation\": -100\n            },\n            {\n                \"lightness\": 45\n            }\n        ]\n    },\n    {\n        \"featureType\": \"road.highway\",\n        \"elementType\": \"all\",\n        \"stylers\": [\n            {\n                \"visibility\": \"simplified\"\n            }\n        ]\n    },\n    {\n        \"featureType\": \"road.arterial\",\n        \"elementType\": \"labels.icon\",\n        \"stylers\": [\n            {\n                \"visibility\": \"off\"\n            }\n        ]\n    },\n    {\n        \"featureType\": \"transit\",\n        \"elementType\": \"all\",\n        \"stylers\": [\n            {\n                \"visibility\": \"off\"\n            }\n        ]\n    },\n    {\n        \"featureType\": \"water\",\n        \"elementType\": \"all\",\n        \"stylers\": [\n            {\n                \"color\": \"#46bcec\"\n            },\n            {\n                \"visibility\": \"on\"\n            }\n        ]\n    }\n]'><\/div><\/div><\/div><\/div><\/div><\/div><\/div><\/section>\n","protected":false},"excerpt":{"rendered":"Sprachschule Neuch\u00e2tel inlingua Neuch\u00e2tel seit 1984 Sprachen ver\u00e4ndern das Leben ONLINE-TEST Testen Sie Ihr Sprachniveau jetzt online \u2013 gratis und ohne jede Verpflichtung. Unsere Ausbildungsberater kontaktieren Sie gern und besprechen Ihr Vorhaben mit Ihnen. TEST STARTEN Fran\u00e7ais, Deutsch, English, Italiano, Espa\u00f1ol, Portugu\u00eas...and many more Business ServicesWhy not break the language barrier? inlingua is there for...","protected":false},"author":4,"featured_media":0,"parent":0,"menu_order":-1,"comment_status":"closed","ping_status":"closed","template":"","meta":{"_acf_changed":false,"inline_featured_image":false,"footnotes":""},"class_list":["post-115614","page","type-page","status-publish","hentry"],"acf":[],"_links":{"self":[{"href":"https:\/\/inlinguaneuchatel.ch\/de\/wp-json\/wp\/v2\/pages\/115614\/"}],"collection":[{"href":"https:\/\/inlinguaneuchatel.ch\/de\/wp-json\/wp\/v2\/pages\/"}],"about":[{"href":"https:\/\/inlinguaneuchatel.ch\/de\/wp-json\/wp\/v2\/types\/page\/"}],"author":[{"embeddable":true,"href":"https:\/\/inlinguaneuchatel.ch\/de\/wp-json\/wp\/v2\/users\/4\/"}],"replies":[{"embeddable":true,"href":"https:\/\/inlinguaneuchatel.ch\/de\/wp-json\/wp\/v2\/comments\/?post=115614"}],"version-history":[{"count":37,"href":"https:\/\/inlinguaneuchatel.ch\/de\/wp-json\/wp\/v2\/pages\/115614\/revisions\/"}],"predecessor-version":[{"id":117029,"href":"https:\/\/inlinguaneuchatel.ch\/de\/wp-json\/wp\/v2\/pages\/115614\/revisions\/117029\/"}],"wp:attachment":[{"href":"https:\/\/inlinguaneuchatel.ch\/de\/wp-json\/wp\/v2\/media\/?parent=115614"}],"curies":[{"name":"wp","href":"https:\/\/api.w.org\/{rel}","templated":true}]}}